{"id":7595,"date":"2022-11-13T19:12:10","date_gmt":"2022-11-13T18:12:10","guid":{"rendered":"https:\/\/www.magicland-theatre.com\/wordpress\/?page_id=7595"},"modified":"2022-11-23T10:08:24","modified_gmt":"2022-11-23T09:08:24","slug":"spectacles-de-treteaux","status":"publish","type":"page","link":"https:\/\/www.magicland-theatre.com\/wordpress\/spectacles-de-treteaux\/","title":{"rendered":"Spectacles de Tr\u00e9teaux"},"content":{"rendered":"<p>[et_pb_section fb_built=\u00a0\u00bb1&Prime; admin_label=\u00a0\u00bbsection\u00a0\u00bb _builder_version=\u00a0\u00bb4.16&Prime; global_colors_info=\u00a0\u00bb{}\u00a0\u00bb][et_pb_row admin_label=\u00a0\u00bbLigne\u00a0\u00bb _builder_version=\u00a0\u00bb4.16&Prime; background_size=\u00a0\u00bbinitial\u00a0\u00bb background_position=\u00a0\u00bbtop_left\u00a0\u00bb background_repeat=\u00a0\u00bbrepeat\u00a0\u00bb global_colors_info=\u00a0\u00bb{}\u00a0\u00bb][et_pb_column type=\u00a0\u00bb4_4&Prime; _builder_version=\u00a0\u00bb4.16&Prime; custom_padding=\u00a0\u00bb|||\u00a0\u00bb global_colors_info=\u00a0\u00bb{}\u00a0\u00bb custom_padding__hover=\u00a0\u00bb|||\u00a0\u00bb][et_pb_text _builder_version=\u00a0\u00bb4.18.0&Prime; _module_preset=\u00a0\u00bbdefault\u00a0\u00bb text_text_color=\u00a0\u00bb#000000&Prime; text_font_size=\u00a0\u00bb30px\u00a0\u00bb global_colors_info=\u00a0\u00bb{}\u00a0\u00bb]<\/p>\n<p>Th\u00e9\u00e2tre de Tr\u00e9teaux<\/p>\n<p>[\/et_pb_text][\/et_pb_column][\/et_pb_row][et_pb_row admin_label=\u00a0\u00bbrow\u00a0\u00bb _builder_version=\u00a0\u00bb4.16&Prime; background_size=\u00a0\u00bbinitial\u00a0\u00bb background_position=\u00a0\u00bbtop_left\u00a0\u00bb background_repeat=\u00a0\u00bbrepeat\u00a0\u00bb global_colors_info=\u00a0\u00bb{}\u00a0\u00bb][et_pb_column type=\u00a0\u00bb4_4&Prime; _builder_version=\u00a0\u00bb4.16&Prime; custom_padding=\u00a0\u00bb|||\u00a0\u00bb global_colors_info=\u00a0\u00bb{}\u00a0\u00bb custom_padding__hover=\u00a0\u00bb|||\u00a0\u00bb][et_pb_text _builder_version=\u00a0\u00bb4.18.0&Prime; _module_preset=\u00a0\u00bbdefault\u00a0\u00bb text_text_color=\u00a0\u00bb#7CDA24&Prime; text_font_size=\u00a0\u00bb25px\u00a0\u00bb global_colors_info=\u00a0\u00bb{}\u00a0\u00bb]<\/p>\n<p>2022<\/p>\n<p>[\/et_pb_text][et_pb_text _builder_version=\u00a0\u00bb4.18.0&Prime; _module_preset=\u00a0\u00bbdefault\u00a0\u00bb text_text_color=\u00a0\u00bb#E02B20&Prime; text_font_size=\u00a0\u00bb24px\u00a0\u00bb global_colors_info=\u00a0\u00bb{}\u00a0\u00bb]<\/p>\n<p>L&rsquo;illustre Th\u00e9\u00e2tre<\/p>\n<p>[\/et_pb_text][et_pb_text _builder_version=\u00a0\u00bb4.18.0&Prime; _module_preset=\u00a0\u00bbdefault\u00a0\u00bb text_text_color=\u00a0\u00bb#000000&Prime; text_font_size=\u00a0\u00bb18px\u00a0\u00bb global_colors_info=\u00a0\u00bb{}\u00a0\u00bb]<\/p>\n<p>\n\u00ab Moli\u00e8re, vous avez su infiniment nous plaire ! \u00bb<br \/>\nC\u2019est par cette phrase que Louis XIV remercia Moli\u00e8re de la repr\u00e9sentation que la troupe venait de donner au ch\u00e2teau de Versailles.<br \/>\nJean-Baptiste Poquelin, dit Moli\u00e8re, fut baptis\u00e9 le 15 janvier 1622.<br \/>\nEn cette belle ann\u00e9e 2022, nous f\u00eatons donc les 400 ans de sa naissance !<br \/>\nC\u2019\u00e9tait l\u2019occasion r\u00eav\u00e9e pour le Magic land th\u00e9\u00e2tre de se replonger dans l\u2019\u0153uvre de ce g\u00e9ant, et dans l\u2019ambiance de la troupe qu\u2019il cr\u00e9a alors avec Madeleine B\u00e9jart.<br \/>\nA l\u2019\u00e9poque th\u00e9\u00e2tre signifiait troupe, troupe signifiait th\u00e9\u00e2tre. Et c\u2019est une troupe que Moli\u00e8re dirigea avec Madeleine B\u00e9jart, une v\u00e9ritable troupe, avec ses brillances et ses doutes, ses atermoiements et ses succ\u00e8s ! Le parall\u00e8le avec le Magic land th\u00e9\u00e2tre \u00e8tait trop \u00e9vident pour que nous ne f\u00eations pas cet anniversaire .<br \/>\nLe Magic land th\u00e9\u00e2tre vous propose un voyage dans le temps pour assister \u00e0 la  r\u00e9p\u00e9tition d\u2019un spectacle in\u00e9dit de moli\u00e8re . Les com\u00e9diens ont  dress\u00e9 des tr\u00e9teaux qui ressemblent furieusement \u00e0 ceux de l\u2019illustre th\u00e9\u00e2tre de Jean-Baptiste Poquelin. Comme il nous est permis de r\u00e9inventer toute chose, imaginons que le grand dramaturge ait \u00e9crit une pi\u00e8ce jamais publi\u00e9e , jamais parvenue jusqu\u2019\u00e0 nous\u2026 A l\u2019\u00e9poque, on jouait pour les riches et on ne conservait pas les textes ! Rien ne sera retrouv\u00e9 \u00e0 la mort de Moli\u00e8re, pas une ligne, pas un manuscrit, pas une signature.<br \/>\nPourquoi ? Le myst\u00e8re reste entier. Oser inventer une pi\u00e8ce que Moli\u00e8re aurait pu \u00e9crire pourrait paraitre un outrage. Mais c\u2019est au contraire un hommage \u00e0 celui qui est pour nous une immense source d\u2019inspiration . Une pi\u00e8ce qui parlerait de l\u2019\u00e9ternel amoureux, des passions d\u00e9vorantes de ceux qui se consument d\u2019avoir trop aim\u00e9 et d\u2019une \u00e9poque si riche pour le th\u00e9\u00e2tre ambulant. Nous proposons d\u2019emmener le spectateur jusque dans les coulisses du th\u00e9\u00e2tre d\u2019avant. Ce sera l\u2019occasion aussi de faire mieux connaissance avec Madeleine B\u00e9jart , \u00e9ni\u00e8me muse ou v\u00e9ritable acolyte de Moli\u00e8re ? L\u2019Histoire nous la pr\u00e9sente comme une cheville ouvri\u00e8re discr\u00e8te\u2026 Pourtant sans son intelligence financi\u00e8re et ses nombreux talents, la troupe n\u2019aurait pas exist\u00e9\u2026<br \/>\nCe que nous avons retenu du  th\u00e9\u00e2tre de Moli\u00e8re c\u2019est qu\u2019iI fallait rire, absolument, de tout, de tous, pour que la vie ne soit qu\u2019un grand th\u00e9\u00e2tre, pour que le monde soit un terrain de jeu sans fin !<br \/>\nEn ce temps-l\u00e0, rares \u00e9taient ceux qui osaient d\u00e9fier l\u2019autorit\u00e9 et se moquer des puissants, des m\u00e9decins, des savants\u2026 Moli\u00e8re ne se g\u00eana pas pour le faire ! Il en fit m\u00eame une marque de fabrique !<\/p>\n<p>[\/et_pb_text][et_pb_text _builder_version=\u00a0\u00bb4.18.0&Prime; _module_preset=\u00a0\u00bbdefault\u00a0\u00bb text_text_color=\u00a0\u00bb#0c71c3&Prime; text_font_size=\u00a0\u00bb18px\u00a0\u00bb custom_padding=\u00a0\u00bb||14px|||\u00a0\u00bb global_colors_info=\u00a0\u00bb{}\u00a0\u00bb]<\/p>\n<p>Texte et mise en sc\u00e8ne de Patrick Chaboud<br \/>Avec en alternance : Amelie Segers et Sophie D\u2019Hondt \u2013 Anne-Isabelle Justens et B\u00e9n\u00e9dicte Philippon \u2013 Stefania Greco et Elsa Erroyaux \u2013 Alexis Lejeune et Michael Manconi \u2013 Juan Marquez Garcia et Benoit Strulus<\/p>\n<p>[\/et_pb_text][\/et_pb_column][\/et_pb_row][et_pb_row _builder_version=\u00a0\u00bb4.18.0&Prime; _module_preset=\u00a0\u00bbdefault\u00a0\u00bb global_colors_info=\u00a0\u00bb{}\u00a0\u00bb][et_pb_column type=\u00a0\u00bb4_4&Prime; _builder_version=\u00a0\u00bb4.18.0&Prime; _module_preset=\u00a0\u00bbdefault\u00a0\u00bb global_colors_info=\u00a0\u00bb{}\u00a0\u00bb][et_pb_image src=\u00a0\u00bbhttps:\/\/www.magicland-theatre.com\/wordpress\/wp-content\/uploads\/2022\/06\/IMG_4709.jpg\u00a0\u00bb title_text=\u00a0\u00bbIMG_4709&Prime; align=\u00a0\u00bbcenter\u00a0\u00bb _builder_version=\u00a0\u00bb4.18.0&Prime; _module_preset=\u00a0\u00bbdefault\u00a0\u00bb width=\u00a0\u00bb57.3%\u00a0\u00bb global_colors_info=\u00a0\u00bb{}\u00a0\u00bb][\/et_pb_image][\/et_pb_column][\/et_pb_row][\/et_pb_section][et_pb_section fb_built=\u00a0\u00bb1&Prime; admin_label=\u00a0\u00bbSection\u00a0\u00bb _builder_version=\u00a0\u00bb4.16&Prime; global_colors_info=\u00a0\u00bb{}\u00a0\u00bb][et_pb_row _builder_version=\u00a0\u00bb4.18.0&Prime; _module_preset=\u00a0\u00bbdefault\u00a0\u00bb global_colors_info=\u00a0\u00bb{}\u00a0\u00bb][et_pb_column type=\u00a0\u00bb4_4&Prime; _builder_version=\u00a0\u00bb4.18.0&Prime; _module_preset=\u00a0\u00bbdefault\u00a0\u00bb global_colors_info=\u00a0\u00bb{}\u00a0\u00bb][et_pb_text _builder_version=\u00a0\u00bb4.18.0&Prime; _module_preset=\u00a0\u00bbdefault\u00a0\u00bb text_text_color=\u00a0\u00bb#7CDA24&Prime; text_font_size=\u00a0\u00bb25px\u00a0\u00bb global_colors_info=\u00a0\u00bb{}\u00a0\u00bb]<\/p>\n<p>2022<\/p>\n<p>[\/et_pb_text][et_pb_text _builder_version=\u00a0\u00bb4.18.0&Prime; _module_preset=\u00a0\u00bbdefault\u00a0\u00bb text_text_color=\u00a0\u00bb#E02B20&Prime; text_font_size=\u00a0\u00bb24px\u00a0\u00bb global_colors_info=\u00a0\u00bb{}\u00a0\u00bb]<\/p>\n<p>Les Amants de la Croix-Rousse<\/p>\n<p>[\/et_pb_text][et_pb_text _builder_version=\u00a0\u00bb4.18.0&Prime; _module_preset=\u00a0\u00bbdefault\u00a0\u00bb text_text_color=\u00a0\u00bb#000000&Prime; text_font_size=\u00a0\u00bb18px\u00a0\u00bb global_colors_info=\u00a0\u00bb{}\u00a0\u00bb]<\/p>\n<p>\nNous sommes en 1800 \u00e0 Lyon. Un jeune homme qui professe comme arracheur de dents sur les places publiques, vient de cr\u00e9er une marionnette qu\u2019il baptise Guignol. Son r\u00f4le est de distraire les patients pendant le moment douloureux de l\u2019extraction mais il est encore loin d\u2019imaginer que ce personnage va peu \u00e0 peu devenir le symbole de la contestation et de la lutte sociale.<br \/>\nLa r\u00e9putation de Guignol va tr\u00e8s vite d\u00e9passer les fronti\u00e8res, et ses aventures, bercer des g\u00e9n\u00e9rations de contestataires d\u2019abord, et d\u2019enfants plus tard. J\u2019ai imagin\u00e9 une histoire \u00e0 partir de cette r\u00e9alit\u00e9. Un jeune montreur de marionnettes tombe amoureux d\u2019une jeune ling\u00e8re dans le quartier de la Croix-Rousse \u00e0 Lyon. Ils r\u00eavent de se marier mais le p\u00e8re de la jeune fille, gendarme, refuse qu\u2019elle quitte le domicile familial. Pas question non plus de lui pr\u00e9senter son pr\u00e9tendant, recherch\u00e9 par la mar\u00e9chauss\u00e9e pour subversion.<br \/>\nIls vont vivre leur amour cach\u00e9 et le jeune marionnettiste cr\u00e9era le personnage du gendarme pour surmonter sa frustration.<br \/>\n\u00c0 l\u2019origine, Guignol s\u2019adressait aux adultes, il d\u00e9fiait le pouvoir en place et d\u00e9non\u00e7ait les injustices sociales. Il joua par exemple un r\u00f4le important durant \u00ab la commune de 1871 \u00bb \u00e0 Lyon o\u00f9 il s\u2019affirma comme la figure symbolique des \u00ab canuts \u00bb r\u00e9volutionnaires. Il devint tr\u00e8s vite un symbole de la contestation et durant plusieurs d\u00e9cennies, on vit fleurir des journaux contestataires et anarchistes qui portaient le nom de Guignol. Son influence diminua peu \u00e0 peu et c\u2019est seulement dans les ann\u00e9es 80 que le personnage trouva un second souffle aupr\u00e8s un public d\u2019enfants, m\u00eame s\u2019il perdit par la m\u00eame occasion sa v\u00e9ritable raison d\u2019\u00eatre.\n<\/p>\n<p>[\/et_pb_text][et_pb_text _builder_version=\u00a0\u00bb4.18.0&Prime; _module_preset=\u00a0\u00bbdefault\u00a0\u00bb text_text_color=\u00a0\u00bb#0c71c3&Prime; text_font_size=\u00a0\u00bb18px\u00a0\u00bb global_colors_info=\u00a0\u00bb{}\u00a0\u00bb]<\/p>\n<p>\nTexte et mise en sc\u00e8ne de Patrick Chaboud<br \/>\nAvec en alternance : Diane Delangre et Stefania Greco \u2013 Marc Laurent et Bastien Craninx \u2013 St\u00e9phane Oertli et David Notebaert<\/p>\n<p>[\/et_pb_text][et_pb_image src=\u00a0\u00bbhttps:\/\/www.magicland-theatre.com\/wordpress\/wp-content\/uploads\/2022\/11\/Capture-decran-2022-05-24-190519.png\u00a0\u00bb title_text=\u00a0\u00bbCapture d\u2019\u00e9cran 2022-05-24 190519&Prime; align=\u00a0\u00bbcenter\u00a0\u00bb _builder_version=\u00a0\u00bb4.18.0&Prime; _module_preset=\u00a0\u00bbdefault\u00a0\u00bb width=\u00a0\u00bb57.3%\u00a0\u00bb global_colors_info=\u00a0\u00bb{}\u00a0\u00bb][\/et_pb_image][\/et_pb_column][\/et_pb_row][et_pb_row _builder_version=\u00a0\u00bb4.18.0&Prime; _module_preset=\u00a0\u00bbdefault\u00a0\u00bb global_colors_info=\u00a0\u00bb{}\u00a0\u00bb][et_pb_column type=\u00a0\u00bb4_4&Prime; _builder_version=\u00a0\u00bb4.18.0&Prime; _module_preset=\u00a0\u00bbdefault\u00a0\u00bb global_colors_info=\u00a0\u00bb{}\u00a0\u00bb][et_pb_text _builder_version=\u00a0\u00bb4.18.0&Prime; _module_preset=\u00a0\u00bbdefault\u00a0\u00bb text_text_color=\u00a0\u00bb#7CDA24&Prime; text_font_size=\u00a0\u00bb25px\u00a0\u00bb global_colors_info=\u00a0\u00bb{}\u00a0\u00bb]<\/p>\n<p>2021<\/p>\n<p>[\/et_pb_text][et_pb_text _builder_version=\u00a0\u00bb4.18.0&Prime; _module_preset=\u00a0\u00bbdefault\u00a0\u00bb text_text_color=\u00a0\u00bb#E02B20&Prime; text_font_size=\u00a0\u00bb24px\u00a0\u00bb global_colors_info=\u00a0\u00bb{}\u00a0\u00bb]<\/p>\n<p>La L\u00e9gende de King Arthur<\/p>\n<p>[\/et_pb_text][et_pb_text _builder_version=\u00a0\u00bb4.18.0&Prime; _module_preset=\u00a0\u00bbdefault\u00a0\u00bb text_text_color=\u00a0\u00bb#000000&Prime; text_font_size=\u00a0\u00bb18px\u00a0\u00bb global_colors_info=\u00a0\u00bb{}\u00a0\u00bb]<\/p>\n<p>\nLe roi Arthur, priv\u00e9 de son \u00e9p\u00e9e excalibur, a d\u00fb fuir le champ de bataille pour trouver refuge dans le ch\u00e2teau d\u2019Albergonde d\u2019Azinfloche, son cousin. Il tra\u00eene avec lui ses trois filles qui ne cessent de se disputer en r\u00eavant au Prince charmant qui les sauvera des griffes d\u2019une vie sans relief et sans joie.<br \/>\nQuand on annonce l\u2019arriv\u00e9e du cousin et propri\u00e9taire du ch\u00e2teau, c\u2019est l\u2019effervescence et la panique pour le Roi Arthur qui se souvient soudain qu\u2019il a promis sa cadette en mariage \u00e0 son cousin. Les soeurs a\u00een\u00e9es sont folles de jalousie mais tr\u00e9s vite, le conte de f\u00e9es se transforme pour laisser appara\u00eetre un cousin rustre, macho, b\u00eate et opportuniste.<br \/>\nMais comment s\u2019en d\u00e9barrasser ?<br \/>\nCette histoire de famille se d\u00e9roule sur fond de champ de bataille o\u00f9 l\u2019on voit s\u2019opposer Anglais et Fran\u00e7ais, ce qui permet de faire participer le public \u00e0 une lutte sans merci. Parce que, comme le dit si bien le Roi Arthur :  \u00bb La guerre c\u2019est si beau quand c\u2019est bien fait \u00ab\n<\/p>\n<p>[\/et_pb_text][et_pb_text _builder_version=\u00a0\u00bb4.18.0&Prime; _module_preset=\u00a0\u00bbdefault\u00a0\u00bb text_text_color=\u00a0\u00bb#0c71c3&Prime; text_font_size=\u00a0\u00bb18px\u00a0\u00bb global_colors_info=\u00a0\u00bb{}\u00a0\u00bb]<\/p>\n<p>\nTexte et mise en sc\u00e8ne : Patrick Chaboud<br \/>\nInterpr\u00e8tes : En alternance : Evelyne Demaude \u2013 Sophie D\u2019Hondt \u2013 Elsa Erroyaux \u2013 Stefania Greco \u2013 Anne-Isabelle Justens \u2013 Michael Manconi \u2013 Juan Marquez Garcia \u2013 St\u00e9phane Oertli \u2013 B\u00e9n\u00e9dicte Philippon<\/p>\n<p>[\/et_pb_text][et_pb_image src=\u00a0\u00bbhttps:\/\/www.magicland-theatre.com\/wordpress\/wp-content\/uploads\/2022\/11\/20210513_111841-2021_05_13-19_51_38-UTC-scaled.jpg\u00a0\u00bb title_text=\u00a0\u00bb20210513_111841 (2021_05_13 19_51_38 UTC)\u00a0\u00bb align=\u00a0\u00bbcenter\u00a0\u00bb _builder_version=\u00a0\u00bb4.18.0&Prime; _module_preset=\u00a0\u00bbdefault\u00a0\u00bb width=\u00a0\u00bb57.3%\u00a0\u00bb global_colors_info=\u00a0\u00bb{}\u00a0\u00bb][\/et_pb_image][\/et_pb_column][\/et_pb_row][et_pb_row _builder_version=\u00a0\u00bb4.18.0&Prime; _module_preset=\u00a0\u00bbdefault\u00a0\u00bb global_colors_info=\u00a0\u00bb{}\u00a0\u00bb][et_pb_column type=\u00a0\u00bb4_4&Prime; _builder_version=\u00a0\u00bb4.18.0&Prime; _module_preset=\u00a0\u00bbdefault\u00a0\u00bb global_colors_info=\u00a0\u00bb{}\u00a0\u00bb][et_pb_text _builder_version=\u00a0\u00bb4.18.0&Prime; _module_preset=\u00a0\u00bbdefault\u00a0\u00bb text_text_color=\u00a0\u00bb#7CDA24&Prime; text_font_size=\u00a0\u00bb25px\u00a0\u00bb global_colors_info=\u00a0\u00bb{}\u00a0\u00bb]<\/p>\n<p>2020<\/p>\n<p>[\/et_pb_text][et_pb_text _builder_version=\u00a0\u00bb4.18.0&Prime; _module_preset=\u00a0\u00bbdefault\u00a0\u00bb text_text_color=\u00a0\u00bb#E02B20&Prime; text_font_size=\u00a0\u00bb24px\u00a0\u00bb global_colors_info=\u00a0\u00bb{}\u00a0\u00bb]<\/p>\n<p>La Botte du Diable<\/p>\n<p>[\/et_pb_text][et_pb_text _builder_version=\u00a0\u00bb4.18.0&Prime; _module_preset=\u00a0\u00bbdefault\u00a0\u00bb text_text_color=\u00a0\u00bb#000000&Prime; text_font_size=\u00a0\u00bb18px\u00a0\u00bb global_colors_info=\u00a0\u00bb{}\u00a0\u00bb]<\/p>\n<p>\nCe spectacle d\u2019une cinquantaine de minutes est directement inspir\u00e9 d\u2019une l\u00e9gende locale et mis en sc\u00e8ne pour la rue \u00e0 la fa\u00e7on d\u2019une farce m\u00e9di\u00e9vale.<br \/>\nC\u2019est l\u2019histoire d\u2019un vieil avare et de sa jeune servante qui n\u2019en pouvant plus de la m\u00e9chancet\u00e9 et de la pingrerie de son maitre d\u00e9cide de faire un pacte avec le diable pour se d\u00e9barrasser de lui. Mais c\u2019est sans compter sur la fourberie du vieillard dont l\u2019intelligence et les coups bas surpassent ceux du maitre des t\u00e9n\u00e8bres. Pour la premi\u00e8re fois de son interminable existence, le prince des enfers va comprendre qu\u2019il est des \u00e2mes tr\u00e8s difficiles \u00e0 acqu\u00e9rir\u2026\n<\/p>\n<p>[\/et_pb_text][et_pb_text _builder_version=\u00a0\u00bb4.18.0&Prime; _module_preset=\u00a0\u00bbdefault\u00a0\u00bb text_text_color=\u00a0\u00bb#0c71c3&Prime; text_font_size=\u00a0\u00bb18px\u00a0\u00bb global_colors_info=\u00a0\u00bb{}\u00a0\u00bb]<P><br \/>\nTexte et mise en sc\u00e8ne de Patrick Chaboud<br \/>\nInterpr\u00e8tes : En alternance : Sophie D\u2019Hondt \u2013 Anne-Isabelle Justens \u2013 Michael Manconi &#8211; Audrey Devos &#8211; David Notebaert &#8211; Stefania Greco &#8211; Elsa Erroyaux &#8211; Juan Marquez Garcia &#8211; Bastien Craninx &#8211; Evelyne Demaude <\/p>\n<p>[\/et_pb_text][et_pb_image src=\u00a0\u00bbhttps:\/\/www.magicland-theatre.com\/wordpress\/wp-content\/uploads\/2020\/05\/20200609_132330-scaled.jpg\u00a0\u00bb title_text=\u00a0\u00bb20200609_132330&Prime; align=\u00a0\u00bbcenter\u00a0\u00bb _builder_version=\u00a0\u00bb4.18.0&Prime; _module_preset=\u00a0\u00bbdefault\u00a0\u00bb width=\u00a0\u00bb57.3%\u00a0\u00bb global_colors_info=\u00a0\u00bb{}\u00a0\u00bb][\/et_pb_image][\/et_pb_column][\/et_pb_row][et_pb_row admin_label=\u00a0\u00bbLigne\u00a0\u00bb _builder_version=\u00a0\u00bb4.16&Prime; background_size=\u00a0\u00bbinitial\u00a0\u00bb background_position=\u00a0\u00bbtop_left\u00a0\u00bb background_repeat=\u00a0\u00bbrepeat\u00a0\u00bb global_colors_info=\u00a0\u00bb{}\u00a0\u00bb][et_pb_column type=\u00a0\u00bb4_4&Prime; _builder_version=\u00a0\u00bb4.16&Prime; custom_padding=\u00a0\u00bb|||\u00a0\u00bb global_colors_info=\u00a0\u00bb{}\u00a0\u00bb custom_padding__hover=\u00a0\u00bb|||\u00a0\u00bb][et_pb_text _builder_version=\u00a0\u00bb4.18.0&Prime; _module_preset=\u00a0\u00bbdefault\u00a0\u00bb text_text_color=\u00a0\u00bb#7CDA24&Prime; text_font_size=\u00a0\u00bb25px\u00a0\u00bb global_colors_info=\u00a0\u00bb{}\u00a0\u00bb]<\/p>\n<p>2020<\/p>\n<p>[\/et_pb_text][et_pb_text _builder_version=\u00a0\u00bb4.18.0&Prime; _module_preset=\u00a0\u00bbdefault\u00a0\u00bb text_text_color=\u00a0\u00bb#E02B20&Prime; text_font_size=\u00a0\u00bb24px\u00a0\u00bb global_colors_info=\u00a0\u00bb{}\u00a0\u00bb]<\/p>\n<p>Don Giovanni<\/p>\n<p>[\/et_pb_text][et_pb_text _builder_version=\u00a0\u00bb4.18.0&Prime; _module_preset=\u00a0\u00bbdefault\u00a0\u00bb text_text_color=\u00a0\u00bb#000000&Prime; text_font_size=\u00a0\u00bb18px\u00a0\u00bb global_colors_info=\u00a0\u00bb{}\u00a0\u00bb]<\/p>\n<p>\nSentant sa fin prochaine, Don Giovanni, le grand s\u00e9ducteur, a d\u00e9cid\u00e9 d\u2019accomplir un dernier p\u00e9riple \u00e0 travers le monde, esp\u00e9rant trouver une fois encore l\u2019amour dont il s\u2019est nourri toute sa vie. Lass\u00e9 de sa solitude narcissique, il est m\u00eame pr\u00eat \u00e0 \u00e9pouser celle qui acceptera de partager ses derniers jours. Malheureusement pour lui, si le coeur est encore vaillant, ses jambes elles, ne le portent plus. C\u2018est donc \u00e0 bord de son lit \u00e0 baldaquin, transform\u00e9 en maison roulante, qu\u2019il accomplit ce qu\u2019il consid\u00e8re comme son voyage de noces, accompagn\u00e9 de son fid\u00e8le et ins\u00e9parable valet. Mais o\u00f9 est donc celle qu\u2019il cherche d\u00e9sesp\u00e9r\u00e9ment ? Peut-\u00eatre dans votre ville ? Peut-\u00eatre\u2026 est ce vous ? Ne vous effrayez pas en tout cas, Madame, si au d\u00e9tour d\u2019une rue vous le voyez surgir de son \u00e9trange v\u00e9hicule pour vous d\u00e9clarer son amour ou vous d\u00e9clamer une de ses po\u00e9sies. Ne vous offusquez pas non plus, Monsieur, et ne vous m\u00e9prenez surtout pas si son affection se tourne vers vous. Son coeur est encore plein de vie mais sa vue n\u2019est plus ce qu\u2019elle a \u00e9t\u00e9\u2026\n<\/p>\n<p>[\/et_pb_text][et_pb_text _builder_version=\u00a0\u00bb4.18.0&Prime; _module_preset=\u00a0\u00bbdefault\u00a0\u00bb text_text_color=\u00a0\u00bb#0c71c3&Prime; text_font_size=\u00a0\u00bb18px\u00a0\u00bb global_colors_info=\u00a0\u00bb{}\u00a0\u00bb]<\/p>\n<p>Texte et mise en sc\u00e8ne : Patrick Chaboud<br \/>\nInterpr\u00e8tes :  David Notebaert \u2013 Fran\u00e7ois Torres &#8211; Juan Marquez Garcia- Philippe L\u00e9onard<\/p>\n<p>[\/et_pb_text][et_pb_image src=\u00a0\u00bbhttps:\/\/www.magicland-theatre.com\/wordpress\/wp-content\/uploads\/2022\/10\/received_2128164344058663.jpeg\u00a0\u00bb title_text=\u00a0\u00bbreceived_2128164344058663&Prime; align=\u00a0\u00bbcenter\u00a0\u00bb _builder_version=\u00a0\u00bb4.18.0&Prime; _module_preset=\u00a0\u00bbdefault\u00a0\u00bb width=\u00a0\u00bb57.3%\u00a0\u00bb global_colors_info=\u00a0\u00bb{}\u00a0\u00bb][\/et_pb_image][\/et_pb_column][\/et_pb_row][et_pb_row admin_label=\u00a0\u00bbLigne\u00a0\u00bb _builder_version=\u00a0\u00bb4.16&Prime; background_size=\u00a0\u00bbinitial\u00a0\u00bb background_position=\u00a0\u00bbtop_left\u00a0\u00bb background_repeat=\u00a0\u00bbrepeat\u00a0\u00bb global_colors_info=\u00a0\u00bb{}\u00a0\u00bb][et_pb_column type=\u00a0\u00bb4_4&Prime; _builder_version=\u00a0\u00bb4.16&Prime; custom_padding=\u00a0\u00bb|||\u00a0\u00bb global_colors_info=\u00a0\u00bb{}\u00a0\u00bb custom_padding__hover=\u00a0\u00bb|||\u00a0\u00bb][et_pb_text _builder_version=\u00a0\u00bb4.18.0&Prime; _module_preset=\u00a0\u00bbdefault\u00a0\u00bb text_text_color=\u00a0\u00bb#7CDA24&Prime; text_font_size=\u00a0\u00bb25px\u00a0\u00bb global_colors_info=\u00a0\u00bb{}\u00a0\u00bb]<\/p>\n<p>2008<\/p>\n<p>[\/et_pb_text][et_pb_text _builder_version=\u00a0\u00bb4.18.0&Prime; _module_preset=\u00a0\u00bbdefault\u00a0\u00bb text_text_color=\u00a0\u00bb#E02B20&Prime; text_font_size=\u00a0\u00bb24px\u00a0\u00bb global_colors_info=\u00a0\u00bb{}\u00a0\u00bb]<\/p>\n<p>Les enfants de la butte<\/p>\n<p>[\/et_pb_text][et_pb_text _builder_version=\u00a0\u00bb4.18.0&Prime; _module_preset=\u00a0\u00bbdefault\u00a0\u00bb text_text_color=\u00a0\u00bb#000000&Prime; text_font_size=\u00a0\u00bb18px\u00a0\u00bb global_colors_info=\u00a0\u00bb{}\u00a0\u00bb]<\/p>\n<p>\nDans la plus pure tradition du th\u00e9\u00e2tre forain, le Magic land vous entraine dans les brumes parisiennes de la fin du 19\u00b0 si\u00e8cle.<br \/>\nPendant une heure, vous frissonnerez d\u2019\u00e9motion en revivant la tragique histoire de la petite marchande d\u2019allumettes et de son amoureux Gino l\u2019accord\u00e9oniste aveugle.  Vous vous insurgerez \u00e0 la vue de l\u2019ignoble tuteur et de sa femme, une bourgeoise sordide\u2026.   Puis finalement vous serez soulag\u00e9 par un happy end comme nous seuls savons les faire !<br \/>\nLe spectacle \u00e0 d\u00e9j\u00e0 \u00e9t\u00e9 jou\u00e9 \u00e0 Namur en mai en 2016 et dans diff\u00e9rents festivals de th\u00e9\u00e2tre de rue dont Charleville-M\u00e9zi\u00e8res.\n<\/p>\n<p>[\/et_pb_text][et_pb_text _builder_version=\u00a0\u00bb4.18.0&Prime; _module_preset=\u00a0\u00bbdefault\u00a0\u00bb text_text_color=\u00a0\u00bb#0c71c3&Prime; text_font_size=\u00a0\u00bb18px\u00a0\u00bb global_colors_info=\u00a0\u00bb{}\u00a0\u00bb]<\/p>\n<p>Avec : Christelle Delbrouck, Thomas Linckx, David Notebaert<br \/>\nTexte et mise en sc\u00e8ne de Patrick Chaboud<\/p>\n<p>[\/et_pb_text][et_pb_image src=\u00a0\u00bbhttps:\/\/www.magicland-theatre.com\/wordpress\/wp-content\/uploads\/2022\/11\/EnfantsButte8.jpg\u00a0\u00bb title_text=\u00a0\u00bbEnfantsButte8&Prime; align=\u00a0\u00bbcenter\u00a0\u00bb _builder_version=\u00a0\u00bb4.18.0&Prime; _module_preset=\u00a0\u00bbdefault\u00a0\u00bb width=\u00a0\u00bb57.3%\u00a0\u00bb global_colors_info=\u00a0\u00bb{}\u00a0\u00bb][\/et_pb_image][\/et_pb_column][\/et_pb_row][et_pb_row _builder_version=\u00a0\u00bb4.18.0&Prime; _module_preset=\u00a0\u00bbdefault\u00a0\u00bb global_colors_info=\u00a0\u00bb{}\u00a0\u00bb][et_pb_column type=\u00a0\u00bb4_4&Prime; _builder_version=\u00a0\u00bb4.18.0&Prime; _module_preset=\u00a0\u00bbdefault\u00a0\u00bb global_colors_info=\u00a0\u00bb{}\u00a0\u00bb][\/et_pb_column][\/et_pb_row][\/et_pb_section]<\/p>\n","protected":false},"excerpt":{"rendered":"<p>Th\u00e9\u00e2tre de Tr\u00e9teaux2022L&rsquo;illustre Th\u00e9\u00e2tre \u00ab Moli\u00e8re, vous avez su infiniment nous plaire ! \u00bb C\u2019est par cette phrase que Louis XIV remercia Moli\u00e8re de la repr\u00e9sentation que la troupe venait [&hellip;]<\/p>\n","protected":false},"author":2,"featured_media":0,"parent":0,"menu_order":0,"comment_status":"closed","ping_status":"closed","template":"","meta":{"_et_pb_use_builder":"on","_et_pb_old_content":"","_et_gb_content_width":"","footnotes":""},"class_list":["post-7595","page","type-page","status-publish","hentry"],"yoast_head":"<!-- This site is optimized with the Yoast SEO plugin v26.6 - https:\/\/yoast.com\/wordpress\/plugins\/seo\/ -->\n<title>Spectacles de Tr\u00e9teaux<\/title>\n<meta name=\"robots\" content=\"index, follow, max-snippet:-1, max-image-preview:large, max-video-preview:-1\" \/>\n<link rel=\"canonical\" href=\"https:\/\/www.magicland-theatre.com\/wordpress\/spectacles-de-treteaux\/\" \/>\n<meta property=\"og:locale\" content=\"fr_FR\" \/>\n<meta property=\"og:type\" content=\"article\" \/>\n<meta property=\"og:title\" content=\"Spectacles de Tr\u00e9teaux\" \/>\n<meta property=\"og:url\" content=\"https:\/\/www.magicland-theatre.com\/wordpress\/spectacles-de-treteaux\/\" \/>\n<meta property=\"og:site_name\" content=\"Le Magic Land Th\u00e9\u00e2tre\" \/>\n<meta property=\"article:publisher\" content=\"https:\/\/www.facebook.com\/magicland.mlt\/\" \/>\n<meta property=\"article:modified_time\" content=\"2022-11-23T09:08:24+00:00\" \/>\n<meta property=\"og:image\" content=\"https:\/\/www.magicland-theatre.com\/wordpress\/wp-content\/uploads\/2013\/05\/logo-debout.jpg\" \/>\n\t<meta property=\"og:image:width\" content=\"591\" \/>\n\t<meta property=\"og:image:height\" content=\"843\" \/>\n\t<meta property=\"og:image:type\" content=\"image\/jpeg\" \/>\n<meta name=\"twitter:card\" content=\"summary_large_image\" \/>\n<meta name=\"twitter:site\" content=\"@MagicLandMlt\" \/>\n<meta name=\"twitter:label1\" content=\"Dur\u00e9e de lecture estim\u00e9e\" \/>\n\t<meta name=\"twitter:data1\" content=\"28 minutes\" \/>\n<script type=\"application\/ld+json\" class=\"yoast-schema-graph\">{\"@context\":\"https:\/\/schema.org\",\"@graph\":[{\"@type\":\"WebPage\",\"@id\":\"https:\/\/www.magicland-theatre.com\/wordpress\/spectacles-de-treteaux\/\",\"url\":\"https:\/\/www.magicland-theatre.com\/wordpress\/spectacles-de-treteaux\/\",\"name\":\"Spectacles de Tr\u00e9teaux\",\"isPartOf\":{\"@id\":\"https:\/\/www.magicland-theatre.com\/wordpress\/#website\"},\"datePublished\":\"2022-11-13T18:12:10+00:00\",\"dateModified\":\"2022-11-23T09:08:24+00:00\",\"breadcrumb\":{\"@id\":\"https:\/\/www.magicland-theatre.com\/wordpress\/spectacles-de-treteaux\/#breadcrumb\"},\"inLanguage\":\"fr-FR\",\"potentialAction\":[{\"@type\":\"ReadAction\",\"target\":[\"https:\/\/www.magicland-theatre.com\/wordpress\/spectacles-de-treteaux\/\"]}]},{\"@type\":\"BreadcrumbList\",\"@id\":\"https:\/\/www.magicland-theatre.com\/wordpress\/spectacles-de-treteaux\/#breadcrumb\",\"itemListElement\":[{\"@type\":\"ListItem\",\"position\":1,\"name\":\"Homepage\",\"item\":\"https:\/\/www.magicland-theatre.com\/wordpress\/\"},{\"@type\":\"ListItem\",\"position\":2,\"name\":\"Spectacles de Tr\u00e9teaux\"}]},{\"@type\":\"WebSite\",\"@id\":\"https:\/\/www.magicland-theatre.com\/wordpress\/#website\",\"url\":\"https:\/\/www.magicland-theatre.com\/wordpress\/\",\"name\":\"Le Magic Land Th\u00e9\u00e2tre\",\"description\":\"Une seule devise : le rire !\",\"publisher\":{\"@id\":\"https:\/\/www.magicland-theatre.com\/wordpress\/#organization\"},\"potentialAction\":[{\"@type\":\"SearchAction\",\"target\":{\"@type\":\"EntryPoint\",\"urlTemplate\":\"https:\/\/www.magicland-theatre.com\/wordpress\/?s={search_term_string}\"},\"query-input\":{\"@type\":\"PropertyValueSpecification\",\"valueRequired\":true,\"valueName\":\"search_term_string\"}}],\"inLanguage\":\"fr-FR\"},{\"@type\":\"Organization\",\"@id\":\"https:\/\/www.magicland-theatre.com\/wordpress\/#organization\",\"name\":\"Le Magic Land Th\u00e9\u00e2tre\",\"url\":\"https:\/\/www.magicland-theatre.com\/wordpress\/\",\"logo\":{\"@type\":\"ImageObject\",\"inLanguage\":\"fr-FR\",\"@id\":\"https:\/\/www.magicland-theatre.com\/wordpress\/#\/schema\/logo\/image\/\",\"url\":\"https:\/\/www.magicland-theatre.com\/wordpress\/wp-content\/uploads\/2013\/05\/logo-debout.jpg\",\"contentUrl\":\"https:\/\/www.magicland-theatre.com\/wordpress\/wp-content\/uploads\/2013\/05\/logo-debout.jpg\",\"width\":591,\"height\":843,\"caption\":\"Le Magic Land Th\u00e9\u00e2tre\"},\"image\":{\"@id\":\"https:\/\/www.magicland-theatre.com\/wordpress\/#\/schema\/logo\/image\/\"},\"sameAs\":[\"https:\/\/www.facebook.com\/magicland.mlt\/\",\"https:\/\/x.com\/MagicLandMlt\",\"https:\/\/www.instagram.com\/magiclandtheatre\/\",\"https:\/\/www.linkedin.com\/in\/magic-land-thtre-35a04a6a?trk=hp-identity-name\",\"https:\/\/www.youtube.com\/channel\/UCh1EgBwX4wwlnXsK4xQXBEw\"]}]}<\/script>\n<!-- \/ Yoast SEO plugin. -->","yoast_head_json":{"title":"Spectacles de Tr\u00e9teaux","robots":{"index":"index","follow":"follow","max-snippet":"max-snippet:-1","max-image-preview":"max-image-preview:large","max-video-preview":"max-video-preview:-1"},"canonical":"https:\/\/www.magicland-theatre.com\/wordpress\/spectacles-de-treteaux\/","og_locale":"fr_FR","og_type":"article","og_title":"Spectacles de Tr\u00e9teaux","og_url":"https:\/\/www.magicland-theatre.com\/wordpress\/spectacles-de-treteaux\/","og_site_name":"Le Magic Land Th\u00e9\u00e2tre","article_publisher":"https:\/\/www.facebook.com\/magicland.mlt\/","article_modified_time":"2022-11-23T09:08:24+00:00","og_image":[{"width":591,"height":843,"url":"https:\/\/www.magicland-theatre.com\/wordpress\/wp-content\/uploads\/2013\/05\/logo-debout.jpg","type":"image\/jpeg"}],"twitter_card":"summary_large_image","twitter_site":"@MagicLandMlt","twitter_misc":{"Dur\u00e9e de lecture estim\u00e9e":"28 minutes"},"schema":{"@context":"https:\/\/schema.org","@graph":[{"@type":"WebPage","@id":"https:\/\/www.magicland-theatre.com\/wordpress\/spectacles-de-treteaux\/","url":"https:\/\/www.magicland-theatre.com\/wordpress\/spectacles-de-treteaux\/","name":"Spectacles de Tr\u00e9teaux","isPartOf":{"@id":"https:\/\/www.magicland-theatre.com\/wordpress\/#website"},"datePublished":"2022-11-13T18:12:10+00:00","dateModified":"2022-11-23T09:08:24+00:00","breadcrumb":{"@id":"https:\/\/www.magicland-theatre.com\/wordpress\/spectacles-de-treteaux\/#breadcrumb"},"inLanguage":"fr-FR","potentialAction":[{"@type":"ReadAction","target":["https:\/\/www.magicland-theatre.com\/wordpress\/spectacles-de-treteaux\/"]}]},{"@type":"BreadcrumbList","@id":"https:\/\/www.magicland-theatre.com\/wordpress\/spectacles-de-treteaux\/#breadcrumb","itemListElement":[{"@type":"ListItem","position":1,"name":"Homepage","item":"https:\/\/www.magicland-theatre.com\/wordpress\/"},{"@type":"ListItem","position":2,"name":"Spectacles de Tr\u00e9teaux"}]},{"@type":"WebSite","@id":"https:\/\/www.magicland-theatre.com\/wordpress\/#website","url":"https:\/\/www.magicland-theatre.com\/wordpress\/","name":"Le Magic Land Th\u00e9\u00e2tre","description":"Une seule devise : le rire !","publisher":{"@id":"https:\/\/www.magicland-theatre.com\/wordpress\/#organization"},"potentialAction":[{"@type":"SearchAction","target":{"@type":"EntryPoint","urlTemplate":"https:\/\/www.magicland-theatre.com\/wordpress\/?s={search_term_string}"},"query-input":{"@type":"PropertyValueSpecification","valueRequired":true,"valueName":"search_term_string"}}],"inLanguage":"fr-FR"},{"@type":"Organization","@id":"https:\/\/www.magicland-theatre.com\/wordpress\/#organization","name":"Le Magic Land Th\u00e9\u00e2tre","url":"https:\/\/www.magicland-theatre.com\/wordpress\/","logo":{"@type":"ImageObject","inLanguage":"fr-FR","@id":"https:\/\/www.magicland-theatre.com\/wordpress\/#\/schema\/logo\/image\/","url":"https:\/\/www.magicland-theatre.com\/wordpress\/wp-content\/uploads\/2013\/05\/logo-debout.jpg","contentUrl":"https:\/\/www.magicland-theatre.com\/wordpress\/wp-content\/uploads\/2013\/05\/logo-debout.jpg","width":591,"height":843,"caption":"Le Magic Land Th\u00e9\u00e2tre"},"image":{"@id":"https:\/\/www.magicland-theatre.com\/wordpress\/#\/schema\/logo\/image\/"},"sameAs":["https:\/\/www.facebook.com\/magicland.mlt\/","https:\/\/x.com\/MagicLandMlt","https:\/\/www.instagram.com\/magiclandtheatre\/","https:\/\/www.linkedin.com\/in\/magic-land-thtre-35a04a6a?trk=hp-identity-name","https:\/\/www.youtube.com\/channel\/UCh1EgBwX4wwlnXsK4xQXBEw"]}]}},"_links":{"self":[{"href":"https:\/\/www.magicland-theatre.com\/wordpress\/wp-json\/wp\/v2\/pages\/7595","targetHints":{"allow":["GET"]}}],"collection":[{"href":"https:\/\/www.magicland-theatre.com\/wordpress\/wp-json\/wp\/v2\/pages"}],"about":[{"href":"https:\/\/www.magicland-theatre.com\/wordpress\/wp-json\/wp\/v2\/types\/page"}],"author":[{"embeddable":true,"href":"https:\/\/www.magicland-theatre.com\/wordpress\/wp-json\/wp\/v2\/users\/2"}],"replies":[{"embeddable":true,"href":"https:\/\/www.magicland-theatre.com\/wordpress\/wp-json\/wp\/v2\/comments?post=7595"}],"version-history":[{"count":11,"href":"https:\/\/www.magicland-theatre.com\/wordpress\/wp-json\/wp\/v2\/pages\/7595\/revisions"}],"predecessor-version":[{"id":7740,"href":"https:\/\/www.magicland-theatre.com\/wordpress\/wp-json\/wp\/v2\/pages\/7595\/revisions\/7740"}],"wp:attachment":[{"href":"https:\/\/www.magicland-theatre.com\/wordpress\/wp-json\/wp\/v2\/media?parent=7595"}],"curies":[{"name":"wp","href":"https:\/\/api.w.org\/{rel}","templated":true}]}}